{"id":909,"date":"2022-10-29T09:56:53","date_gmt":"2022-10-29T07:56:53","guid":{"rendered":"https:\/\/cd-68-ffc.fr\/?page_id=909"},"modified":"2026-01-27T18:31:30","modified_gmt":"2026-01-27T17:31:30","slug":"grand-prix-de-colmar","status":"publish","type":"page","link":"https:\/\/cd-68-ffc.fr\/?page_id=909","title":{"rendered":"Grand Prix de Colmar"},"content":{"rendered":"\t\t<div data-elementor-type=\"wp-page\" data-elementor-id=\"909\" class=\"elementor elementor-909\" data-elementor-post-type=\"page\">\n\t\t\t\t\t\t<section class=\"elementor-section elementor-top-section elementor-element elementor-element-d110f96 elementor-section-boxed elementor-section-height-default elementor-section-height-default\" data-id=\"d110f96\" data-element_type=\"section\" data-e-type=\"section\">\n\t\t\t\t\t\t<div class=\"elementor-container elementor-column-gap-default\">\n\t\t\t\t\t<div class=\"elementor-column elementor-col-100 elementor-top-column elementor-element elementor-element-0c54155\" data-id=\"0c54155\" data-element_type=\"column\" data-e-type=\"column\">\n\t\t\t<div class=\"elementor-widget-wrap elementor-element-populated\">\n\t\t\t\t\t\t<div class=\"elementor-element elementor-element-33272a5 elementor-widget elementor-widget-spacer\" data-id=\"33272a5\" data-element_type=\"widget\" data-e-type=\"widget\" data-widget_type=\"spacer.default\">\n\t\t\t\t<div class=\"elementor-widget-container\">\n\t\t\t\t\t\t\t<div class=\"elementor-spacer\">\n\t\t\t<div class=\"elementor-spacer-inner\"><\/div>\n\t\t<\/div>\n\t\t\t\t\t\t<\/div>\n\t\t\t\t<\/div>\n\t\t\t\t\t<\/div>\n\t\t<\/div>\n\t\t\t\t\t<\/div>\n\t\t<\/section>\n\t\t\t\t<section class=\"elementor-section elementor-top-section elementor-element elementor-element-24b3ee3 elementor-section-boxed elementor-section-height-default elementor-section-height-default elementor-invisible\" data-id=\"24b3ee3\" data-element_type=\"section\" data-e-type=\"section\" data-settings=\"{&quot;animation&quot;:&quot;fadeInLeft&quot;}\">\n\t\t\t\t\t\t<div class=\"elementor-container elementor-column-gap-default\">\n\t\t\t\t\t<div class=\"elementor-column elementor-col-100 elementor-top-column elementor-element elementor-element-dc93fe4\" data-id=\"dc93fe4\" data-element_type=\"column\" data-e-type=\"column\" data-settings=\"{&quot;background_background&quot;:&quot;classic&quot;}\">\n\t\t\t<div class=\"elementor-widget-wrap elementor-element-populated\">\n\t\t\t\t\t\t<div class=\"elementor-element elementor-element-11d77e8 elementor-widget elementor-widget-heading\" data-id=\"11d77e8\" data-element_type=\"widget\" data-e-type=\"widget\" data-widget_type=\"heading.default\">\n\t\t\t\t<div class=\"elementor-widget-container\">\n\t\t\t\t\t<h3 class=\"elementor-heading-title elementor-size-default\">Grand Prix de la Ville Colmar...<\/h3>\t\t\t\t<\/div>\n\t\t\t\t<\/div>\n\t\t\t\t\t<\/div>\n\t\t<\/div>\n\t\t\t\t\t<\/div>\n\t\t<\/section>\n\t\t\t\t<section class=\"elementor-section elementor-top-section elementor-element elementor-element-c4b8d37 elementor-section-boxed elementor-section-height-default elementor-section-height-default\" data-id=\"c4b8d37\" data-element_type=\"section\" data-e-type=\"section\">\n\t\t\t\t\t\t<div class=\"elementor-container elementor-column-gap-default\">\n\t\t\t\t\t<div class=\"elementor-column elementor-col-100 elementor-top-column elementor-element elementor-element-05ed3d5\" data-id=\"05ed3d5\" data-element_type=\"column\" data-e-type=\"column\">\n\t\t\t<div class=\"elementor-widget-wrap elementor-element-populated\">\n\t\t\t\t\t\t<div class=\"elementor-element elementor-element-785abcf elementor-widget elementor-widget-heading\" data-id=\"785abcf\" data-element_type=\"widget\" data-e-type=\"widget\" data-widget_type=\"heading.default\">\n\t\t\t\t<div class=\"elementor-widget-container\">\n\t\t\t\t\t<h6 class=\"elementor-heading-title elementor-size-default\">R\u00e8glementation ...<\/h6>\t\t\t\t<\/div>\n\t\t\t\t<\/div>\n\t\t\t\t<div class=\"elementor-element elementor-element-b889f3e elementor-widget-divider--view-line elementor-widget elementor-widget-divider\" data-id=\"b889f3e\" data-element_type=\"widget\" data-e-type=\"widget\" data-widget_type=\"divider.default\">\n\t\t\t\t<div class=\"elementor-widget-container\">\n\t\t\t\t\t\t\t<div class=\"elementor-divider\">\n\t\t\t<span class=\"elementor-divider-separator\">\n\t\t\t\t\t\t<\/span>\n\t\t<\/div>\n\t\t\t\t\t\t<\/div>\n\t\t\t\t<\/div>\n\t\t\t\t\t<\/div>\n\t\t<\/div>\n\t\t\t\t\t<\/div>\n\t\t<\/section>\n\t\t\t\t<section class=\"elementor-section elementor-top-section elementor-element elementor-element-fc1a375 elementor-section-boxed elementor-section-height-default elementor-section-height-default\" data-id=\"fc1a375\" data-element_type=\"section\" data-e-type=\"section\">\n\t\t\t\t\t\t<div class=\"elementor-container elementor-column-gap-default\">\n\t\t\t\t\t<div class=\"elementor-column elementor-col-33 elementor-top-column elementor-element elementor-element-6211602\" data-id=\"6211602\" data-element_type=\"column\" data-e-type=\"column\">\n\t\t\t<div class=\"elementor-widget-wrap elementor-element-populated\">\n\t\t\t\t\t\t<div class=\"elementor-element elementor-element-a8ac7ed elementor-widget elementor-widget-image\" data-id=\"a8ac7ed\" data-element_type=\"widget\" data-e-type=\"widget\" data-widget_type=\"image.default\">\n\t\t\t\t<div class=\"elementor-widget-container\">\n\t\t\t\t\t\t\t\t\t\t\t\t\t\t\t<img decoding=\"async\" src=\"https:\/\/cd-68-ffc.fr\/wp-content\/uploads\/elementor\/thumbs\/CD68_Logo_EC_Colmar-pwx1klipah6x77vp2xqapicabdwv94hnipk1v5z0u8.png\" title=\"CD68_Logo_EC_Colmar\" alt=\"CD68_Logo_EC_Colmar\" loading=\"lazy\" \/>\t\t\t\t\t\t\t\t\t\t\t\t\t\t\t<\/div>\n\t\t\t\t<\/div>\n\t\t\t\t\t<\/div>\n\t\t<\/div>\n\t\t\t\t<div class=\"elementor-column elementor-col-33 elementor-top-column elementor-element elementor-element-b0b9661\" data-id=\"b0b9661\" data-element_type=\"column\" data-e-type=\"column\">\n\t\t\t<div class=\"elementor-widget-wrap\">\n\t\t\t\t\t\t\t<\/div>\n\t\t<\/div>\n\t\t\t\t<div class=\"elementor-column elementor-col-33 elementor-top-column elementor-element elementor-element-ee32534\" data-id=\"ee32534\" data-element_type=\"column\" data-e-type=\"column\">\n\t\t\t<div class=\"elementor-widget-wrap elementor-element-populated\">\n\t\t\t\t\t\t<div class=\"elementor-element elementor-element-dbc388a elementor-widget elementor-widget-image\" data-id=\"dbc388a\" data-element_type=\"widget\" data-e-type=\"widget\" data-widget_type=\"image.default\">\n\t\t\t\t<div class=\"elementor-widget-container\">\n\t\t\t\t\t\t\t\t\t\t\t\t\t\t\t<img fetchpriority=\"high\" decoding=\"async\" width=\"1024\" height=\"295\" src=\"https:\/\/cd-68-ffc.fr\/wp-content\/uploads\/2022\/10\/CD68_Logo_Ville2Colmar-1024x295.jpg\" class=\"attachment-large size-large wp-image-907\" alt=\"\" srcset=\"https:\/\/cd-68-ffc.fr\/wp-content\/uploads\/2022\/10\/CD68_Logo_Ville2Colmar-1024x295.jpg 1024w, https:\/\/cd-68-ffc.fr\/wp-content\/uploads\/2022\/10\/CD68_Logo_Ville2Colmar-300x86.jpg 300w, https:\/\/cd-68-ffc.fr\/wp-content\/uploads\/2022\/10\/CD68_Logo_Ville2Colmar-768x221.jpg 768w, https:\/\/cd-68-ffc.fr\/wp-content\/uploads\/2022\/10\/CD68_Logo_Ville2Colmar-1536x442.jpg 1536w, https:\/\/cd-68-ffc.fr\/wp-content\/uploads\/2022\/10\/CD68_Logo_Ville2Colmar-2048x589.jpg 2048w\" sizes=\"(max-width: 1024px) 100vw, 1024px\" \/>\t\t\t\t\t\t\t\t\t\t\t\t\t\t\t<\/div>\n\t\t\t\t<\/div>\n\t\t\t\t\t<\/div>\n\t\t<\/div>\n\t\t\t\t\t<\/div>\n\t\t<\/section>\n\t\t\t\t<section class=\"elementor-section elementor-top-section elementor-element elementor-element-0f1f311 elementor-section-boxed elementor-section-height-default elementor-section-height-default\" data-id=\"0f1f311\" data-element_type=\"section\" data-e-type=\"section\">\n\t\t\t\t\t\t<div class=\"elementor-container elementor-column-gap-default\">\n\t\t\t\t\t<div class=\"elementor-column elementor-col-100 elementor-top-column elementor-element elementor-element-c03ab27\" data-id=\"c03ab27\" data-element_type=\"column\" data-e-type=\"column\">\n\t\t\t<div class=\"elementor-widget-wrap elementor-element-populated\">\n\t\t\t\t\t\t<div class=\"elementor-element elementor-element-691286d elementor-widget elementor-widget-text-editor\" data-id=\"691286d\" data-element_type=\"widget\" data-e-type=\"widget\" data-widget_type=\"text-editor.default\">\n\t\t\t\t<div class=\"elementor-widget-container\">\n\t\t\t\t\t\t\t\t\t<p>L\u2019<span style=\"color: #f91f1f; font-weight: bold;\">Entente Cycliste de Colmar<\/span> organise, avec le concours du Comit\u00e9 D\u00e9partemental du Haut-Rhin, le <span style=\"font-weight: bold;\">Grand Prix de la Ville de Colmar<\/span>, course<br \/>sur piste se d\u00e9roulant sur trois soir\u00e9es.<\/p><p>Les comp\u00e9titions sont ouvertes aux Juniors, Espoirs, S\u00e9niors et Masters, aux Cadets et F\u00e9minines et aux Minimes et F\u00e9minines.<br \/>Toutes les \u00e9preuves se d\u00e9roulent en v\u00e9lo de piste. A chaque s\u00e9ance, les JUNIORS, ESPOIRS, SENIORS et MASTERS disputeront trois \u00e9preuves par soir\u00e9e, comptant pour le Grand Prix de la Ville de Colmar. Les points seront attribu\u00e9s \u00e0 chaque coureur selon le bar\u00e8me ci-dessous. Les CADETS et FEMININES ainsi que les MINIMES et FEMININES auront deux \u00e9preuves par soir\u00e9e.<\/p><p>A la derni\u00e8re soir\u00e9e se disputera l\u2019\u00e9preuve handicap, comptant pour le classement final et \u00e0 laquelle participeront les dix premiers pr\u00e9sents du classement g\u00e9n\u00e9ral. Des \u00e9preuves d\u2019encadrement, sans incidence sur le classement g\u00e9n\u00e9ral seront propos\u00e9es, selon les possibilit\u00e9s horaires. Ces \u00e9preuves seront dot\u00e9es de prix sur place.<\/p><p>Les engagements se feront sur place. A la premi\u00e8re manche, il est possible de s\u2019engager pour les trois soir\u00e9es pour 15 \u20ac pour les juniors \u00e0 masters, 10 \u20ac pour les cadets, minimes et f\u00e9minines, les droits d\u2019engagement pour chaque manche \u00e9tant respectivement de 6 \u20ac et 4 \u20ac.<\/p><p>Le Grand Prix de la Ville de Colmar est dot\u00e9 d\u2019un classement g\u00e9n\u00e9ral final avec attribution de prix et coupes. Les r\u00e9compenses seront remises sur place \u00e0 l\u2019issue de la derni\u00e8re soir\u00e9e. Le classement g\u00e9n\u00e9ral est \u00e9tabli par addition des points obtenus \u00e0 chacune des \u00e9preuves lors des trois manches.<\/p><div><u><b>\u00a0Bar\u00e8me d\u2019attribution<\/b><\/u><\/div><ul><li>1er :\u00a0 12 points<\/li><li>2\u00e8me : 10 points<\/li><li>3\u00e8me : \u00a0 8 points<\/li><li>4\u00e8me : \u00a0 7 points<\/li><li>5\u00e8me : \u00a0 6 points<\/li><li>etc. jusqu\u2019au 10\u00e8me : \u00a0 1 point<\/li><\/ul><div><b><u>R\u00e9compenses<\/u><\/b><\/div><ul><li>Minimes, F\u00e9minines : 10 Prix en nature<\/li><li>Cadets, F\u00e9minines : 10 Prix en nature<\/li><li>Juniors \u00e0 Masters : 15 Prix \u00a0 \u00a0 \u00a0 \u00a0 \u00a0 \u00a0 \u00a0 \u00a0 \u00a0 \u00a0 \u00a0 \u00a0 \u00a0 \u00a0 \u00a0 \u00a0 \u00a0 \u00a0 \u00a0 \u00a0 \u00a0 \u00a0 \u00a0 \u00a0 \u00a0 \u00a0 \u00a0 \u00a0 \u00a0 \u00a0 \u00a0 \u00a0 \u00a0 \u00a0 \u00a0 \u00a0 \u00a0 \u00a0 Total : 300 \u20ac<\/li><li>Juniors &#8211; Prix sp\u00e9ciaux : 3 Prix (20 \u20ac, 15 \u20ac, 10 \u20ac) \u00a0 \u00a0 \u00a0 \u00a0 \u00a0 \u00a0 \u00a0 \u00a0 \u00a0 \u00a0 \u00a0 \u00a0 \u00a0 \u00a0 \u00a0 \u00a0 \u00a0\u00a0 Total : \u00a0 45 \u20ac<\/li><li>F\u00e9minines &#8211; Prix sp\u00e9ciaux :\u00a0 3 Prix\u00a0 (18 \u20ac, 12 \u20ac, 10 \u20ac) \u00a0 \u00a0 \u00a0 \u00a0 \u00a0 \u00a0 \u00a0 \u00a0 \u00a0 \u00a0 \u00a0 \u00a0 \u00a0\u00a0 Total : \u00a0 40 \u20ac<\/li><\/ul><p>Les ex \u00e6quo seront d\u00e9partag\u00e9s par le nombre de victoires, puis par le nombre de 2\u00e8mes places et ainsi de suite, dans les diff\u00e9rentes \u00e9preuves.<\/p>\t\t\t\t\t\t\t\t<\/div>\n\t\t\t\t<\/div>\n\t\t\t\t\t<\/div>\n\t\t<\/div>\n\t\t\t\t\t<\/div>\n\t\t<\/section>\n\t\t\t\t<\/div>\n\t\t","protected":false},"excerpt":{"rendered":"<p>Grand Prix de la Ville Colmar&#8230; R\u00e8glementation &#8230; L\u2019Entente Cycliste de Colmar organise, avec le concours du Comit\u00e9 D\u00e9partemental du Haut-Rhin, le Grand Prix de la Ville de Colmar, coursesur piste se d\u00e9roulant sur trois soir\u00e9es. Les comp\u00e9titions sont ouvertes aux Juniors, Espoirs, S\u00e9niors et Masters, aux Cadets et F\u00e9minines et aux Minimes et F\u00e9minines.Toutes [&hellip;]<\/p>\n","protected":false},"author":1,"featured_media":0,"parent":0,"menu_order":0,"comment_status":"closed","ping_status":"closed","template":"","meta":{"site-sidebar-layout":"no-sidebar","site-content-layout":"page-builder","ast-site-content-layout":"default","site-content-style":"default","site-sidebar-style":"default","ast-global-header-display":"","ast-banner-title-visibility":"","ast-main-header-display":"","ast-hfb-above-header-display":"","ast-hfb-below-header-display":"","ast-hfb-mobile-header-display":"","site-post-title":"disabled","ast-breadcrumbs-content":"","ast-featured-img":"disabled","footer-sml-layout":"","theme-transparent-header-meta":"","adv-header-id-meta":"","stick-header-meta":"","header-above-stick-meta":"","header-main-stick-meta":"","header-below-stick-meta":"","astra-migrate-meta-layouts":"default","ast-page-background-enabled":"default","ast-page-background-meta":{"desktop":{"background-color":"","background-image":"","background-repeat":"repeat","background-position":"center center","background-size":"auto","background-attachment":"scroll","background-type":"","background-media":"","overlay-type":"","overlay-color":"","overlay-opacity":"","overlay-gradient":""},"tablet":{"background-color":"","background-image":"","background-repeat":"repeat","background-position":"center center","background-size":"auto","background-attachment":"scroll","background-type":"","background-media":"","overlay-type":"","overlay-color":"","overlay-opacity":"","overlay-gradient":""},"mobile":{"background-color":"","background-image":"","background-repeat":"repeat","background-position":"center center","background-size":"auto","background-attachment":"scroll","background-type":"","background-media":"","overlay-type":"","overlay-color":"","overlay-opacity":"","overlay-gradient":""}},"ast-content-background-meta":{"desktop":{"background-color":"var(--ast-global-color-5)","background-image":"","background-repeat":"repeat","background-position":"center center","background-size":"auto","background-attachment":"scroll","background-type":"","background-media":"","overlay-type":"","overlay-color":"","overlay-opacity":"","overlay-gradient":""},"tablet":{"background-color":"var(--ast-global-color-5)","background-image":"","background-repeat":"repeat","background-position":"center center","background-size":"auto","background-attachment":"scroll","background-type":"","background-media":"","overlay-type":"","overlay-color":"","overlay-opacity":"","overlay-gradient":""},"mobile":{"background-color":"var(--ast-global-color-5)","background-image":"","background-repeat":"repeat","background-position":"center center","background-size":"auto","background-attachment":"scroll","background-type":"","background-media":"","overlay-type":"","overlay-color":"","overlay-opacity":"","overlay-gradient":""}},"footnotes":""},"class_list":["post-909","page","type-page","status-publish","hentry"],"_links":{"self":[{"href":"https:\/\/cd-68-ffc.fr\/index.php?rest_route=\/wp\/v2\/pages\/909","targetHints":{"allow":["GET"]}}],"collection":[{"href":"https:\/\/cd-68-ffc.fr\/index.php?rest_route=\/wp\/v2\/pages"}],"about":[{"href":"https:\/\/cd-68-ffc.fr\/index.php?rest_route=\/wp\/v2\/types\/page"}],"author":[{"embeddable":true,"href":"https:\/\/cd-68-ffc.fr\/index.php?rest_route=\/wp\/v2\/users\/1"}],"replies":[{"embeddable":true,"href":"https:\/\/cd-68-ffc.fr\/index.php?rest_route=%2Fwp%2Fv2%2Fcomments&post=909"}],"version-history":[{"count":34,"href":"https:\/\/cd-68-ffc.fr\/index.php?rest_route=\/wp\/v2\/pages\/909\/revisions"}],"predecessor-version":[{"id":2480,"href":"https:\/\/cd-68-ffc.fr\/index.php?rest_route=\/wp\/v2\/pages\/909\/revisions\/2480"}],"wp:attachment":[{"href":"https:\/\/cd-68-ffc.fr\/index.php?rest_route=%2Fwp%2Fv2%2Fmedia&parent=909"}],"curies":[{"name":"wp","href":"https:\/\/api.w.org\/{rel}","templated":true}]}}